{"id":1550,"date":"2024-04-26T13:16:07","date_gmt":"2024-04-26T11:16:07","guid":{"rendered":"https:\/\/www.azur-confort.com\/collections\/"},"modified":"2024-08-01T14:47:28","modified_gmt":"2024-08-01T12:47:28","slug":"collections","status":"publish","type":"page","link":"https:\/\/www.azur-confort.com\/en\/collections\/","title":{"rendered":"Collections"},"content":{"rendered":"<p>[et_pb_section fb_built=&#8221;1&#8243; _builder_version=&#8221;4.25.0&#8243; _module_preset=&#8221;default&#8221; global_colors_info=&#8221;{}&#8221;][et_pb_row column_structure=&#8221;2_3,1_3&#8243; _builder_version=&#8221;4.25.0&#8243; _module_preset=&#8221;default&#8221; max_width=&#8221;1200px&#8221; global_colors_info=&#8221;{}&#8221;][et_pb_column type=&#8221;2_3&#8243; _builder_version=&#8221;4.25.0&#8243; _module_preset=&#8221;default&#8221; global_colors_info=&#8221;{}&#8221;][et_pb_text _builder_version=&#8221;4.25.0&#8243; _module_preset=&#8221;cb133361-34d7-4b0b-9d26-94cb0ed56838&#8243; global_colors_info=&#8221;{}&#8221;]<\/p>\n<h1>COLLECTIONS<\/h1>\n<p>[\/et_pb_text][et_pb_text _builder_version=&#8221;4.25.1&#8243; _module_preset=&#8221;27574df8-249e-4e46-8696-3d33be58d8dc&#8221; global_colors_info=&#8221;{}&#8221;]<\/p>\n<p>Discover our complete range of outdoor furniture with our four collections. For terraces, balconies, gardens and private beaches, we offer outdoor furniture specially designed for the hospitality industry. <\/p>\n<p>[\/et_pb_text][\/et_pb_column][et_pb_column type=&#8221;1_3&#8243; _builder_version=&#8221;4.25.0&#8243; _module_preset=&#8221;default&#8221; global_colors_info=&#8221;{}&#8221;][\/et_pb_column][\/et_pb_row][\/et_pb_section][et_pb_section fb_built=&#8221;1&#8243; _builder_version=&#8221;4.25.0&#8243; _module_preset=&#8221;default&#8221; custom_padding=&#8221;0px||150px||false|false&#8221; global_colors_info=&#8221;{}&#8221;][et_pb_row column_structure=&#8221;1_2,1_2&#8243; use_custom_gutter=&#8221;on&#8221; gutter_width=&#8221;1&#8243; make_equal=&#8221;on&#8221; _builder_version=&#8221;4.27.0&#8243; _module_preset=&#8221;default&#8221; custom_margin=&#8221;||5%||false|false&#8221; hover_enabled=&#8221;0&#8243; global_colors_info=&#8221;{}&#8221; title_text=&#8221;table-fauteuil-mobilier-exterieur-bois-terrasse-restaurant&#8221; background_image=&#8221;https:\/\/www.azur-confort.com\/wp-content\/uploads\/2024\/06\/table-fauteuil-mobilier-exterieur-bois-terrasse-restaurant.jpg&#8221; sticky_enabled=&#8221;0&#8243;][et_pb_column type=&#8221;1_2&#8243; _builder_version=&#8221;4.27.0&#8243; _module_preset=&#8221;default&#8221; hover_enabled=&#8221;0&#8243; global_colors_info=&#8221;{}&#8221; title_text=&#8221;table-fauteuil-mobilier-exterieur-bois-terrasse-restaurant&#8221; background_image=&#8221;https:\/\/www.azur-confort.com\/wp-content\/uploads\/2024\/06\/table-fauteuil-mobilier-exterieur-bois-terrasse-restaurant.jpg&#8221; sticky_enabled=&#8221;0&#8243;][\/et_pb_column][et_pb_column type=&#8221;1_2&#8243; _builder_version=&#8221;4.27.0&#8243; _module_preset=&#8221;default&#8221; background_color=&#8221;#F2F2F2&#8243; custom_padding=&#8221;80px|70px|80px|70px|true|true&#8221; custom_padding_tablet=&#8221;80px|70px|80px|70px|true|true&#8221; custom_padding_phone=&#8221;40px|30px|40px|30px|true|true&#8221; custom_padding_last_edited=&#8221;on|phone&#8221; custom_css_free_form=&#8221;selector .gros-bloc-txt {display: flex;||align-items: flex-end;}&#8221; global_colors_info=&#8221;{}&#8221;][et_pb_text _builder_version=&#8221;4.25.1&#8243; _dynamic_attributes=&#8221;link_option_url&#8221; _module_preset=&#8221;9ac6f54f-70a6-44c1-ac1e-d535da675371&#8243; header_4_font=&#8221;Bodoni Moda|700|on||||||&#8221; link_option_url=&#8221;@ET-DC@eyJkeW5hbWljIjp0cnVlLCJjb250ZW50IjoicG9zdF9saW5rX3VybF9wYWdlIiwic2V0dGluZ3MiOnsicG9zdF9pZCI6Ijc3OSJ9fQ==@&#8221; global_colors_info=&#8221;{}&#8221;]<\/p>\n<h2>S\u00c9OL<\/h2>\n<h4>The wooden terrace<\/h4>\n<div id=\"highlighter--hover-tools\" style=\"display: none;\">\n<div id=\"highlighter--hover-tools--container\">\n<div class=\"highlighter--icon highlighter--icon-copy\" title=\"Copy\"><\/div>\n<div class=\"highlighter--icon highlighter--icon-change-color\" title=\"Change Color\"><\/div>\n<div class=\"highlighter--icon highlighter--icon-delete\" title=\"Delete\"><\/div>\n<\/div>\n<\/div>\n<p>[\/et_pb_text][et_pb_text _builder_version=&#8221;4.26.1&#8243; _module_preset=&#8221;27574df8-249e-4e46-8696-3d33be58d8dc&#8221; global_colors_info=&#8221;{}&#8221;]<\/p>\n<p>S\u00e9ol is Azur Confort&#8217;s first collection, and find its roots in the company&#8217;s history. In the spirit of the Traveller community, the S\u00e9ol Collection is <strong>nomadic, natural and eclectic.<\/strong> Designed for outdoor use, the durability and practicality of S\u00e9ol furniture has won over the terraces of french hotels and restaurants.<\/p>\n<p>Highly customizable, the S\u00e9ol Collection lets you <strong>choose from over 200 combinaitions<\/strong> of finishes and fabrics. The wood, which we give pride of place, blends with the fabrics, sometimes neutral, sometimes colored, to create furniture that reflects your company&#8217;s image.<\/p>\n<p>[\/et_pb_text][et_pb_button button_url=&#8221;@ET-DC@eyJkeW5hbWljIjp0cnVlLCJjb250ZW50IjoicG9zdF9saW5rX3VybF9wYWdlIiwic2V0dGluZ3MiOnsicG9zdF9pZCI6Ijc3OSJ9fQ==@&#8221; button_text=&#8221;S\u00c9OL COLLECTION&#8221; _builder_version=&#8221;4.27.0&#8243; _dynamic_attributes=&#8221;button_url&#8221; _module_preset=&#8221;4de4fa00-5959-4c63-a31c-ef714ff23e8e&#8221; position_origin_a=&#8221;bottom_left&#8221; vertical_offset=&#8221;80px&#8221; horizontal_offset=&#8221;70px&#8221; custom_margin=&#8221;10%||||false|false&#8221; global_colors_info=&#8221;{}&#8221;][\/et_pb_button][\/et_pb_column][\/et_pb_row][et_pb_row column_structure=&#8221;1_2,1_2&#8243; use_custom_gutter=&#8221;on&#8221; gutter_width=&#8221;1&#8243; make_equal=&#8221;on&#8221; module_class=&#8221;invertCol&#8221; _builder_version=&#8221;4.27.0&#8243; _module_preset=&#8221;default&#8221; custom_margin=&#8221;|auto|5%|auto|false|false&#8221; hover_enabled=&#8221;0&#8243; global_colors_info=&#8221;{}&#8221; sticky_enabled=&#8221;0&#8243;][et_pb_column type=&#8221;1_2&#8243; _builder_version=&#8221;4.25.0&#8243; _module_preset=&#8221;default&#8221; background_color=&#8221;#F2F2F2&#8243; custom_padding=&#8221;80px|70px|80px|70px|true|true&#8221; custom_padding_tablet=&#8221;80px|70px|80px|70px|true|true&#8221; custom_padding_phone=&#8221;40px|30px|40px|30px|true|true&#8221; custom_padding_last_edited=&#8221;on|phone&#8221; custom_css_free_form=&#8221;selector .gros-bloc-txt {display: flex;||align-items: flex-end;}&#8221; global_colors_info=&#8221;{}&#8221;][et_pb_text _builder_version=&#8221;4.25.1&#8243; _dynamic_attributes=&#8221;link_option_url&#8221; _module_preset=&#8221;9ac6f54f-70a6-44c1-ac1e-d535da675371&#8243; header_4_font=&#8221;Bodoni Moda|700|on||||||&#8221; text_orientation=&#8221;right&#8221; link_option_url=&#8221;@ET-DC@eyJkeW5hbWljIjp0cnVlLCJjb250ZW50IjoicG9zdF9saW5rX3VybF9wYWdlIiwic2V0dGluZ3MiOnsicG9zdF9pZCI6Ijc3OSJ9fQ==@&#8221; global_colors_info=&#8221;{}&#8221;]<\/p>\n<h2>Estiu<\/h2>\n<h4>A colourful terrace<\/h4>\n<div id=\"highlighter--hover-tools\" style=\"display: none;\">\n<div id=\"highlighter--hover-tools--container\">\n<div class=\"highlighter--icon highlighter--icon-copy\" title=\"Copy\"><\/div>\n<div class=\"highlighter--icon highlighter--icon-change-color\" title=\"Change Color\"><\/div>\n<div class=\"highlighter--icon highlighter--icon-delete\" title=\"Delete\"><\/div>\n<\/div>\n<\/div>\n<p>[\/et_pb_text][et_pb_text _builder_version=&#8221;4.26.1&#8243; _module_preset=&#8221;27574df8-249e-4e46-8696-3d33be58d8dc&#8221; text_orientation=&#8221;right&#8221; global_colors_info=&#8221;{}&#8221;]<\/p>\n<p>Estiu means summer in Provencal -a language native to the south of France-. <strong>Colourful and geometric<\/strong>, the Estiu Collection is inspired by sunsets, the Mediterranean Sea, and the historic caf\u00e9s and bistros where starlets could be seen enjoying a frivolous, timeless moment. <\/p>\n<p>Since the 1950s, the Estiu Collection, its iconic director armchair and its triangle table have been gracing the terraces of the South of France. Whether bright and flashy or neutral and discreet, the Estiu furniture can be adapted to suit the style of your establishment. Available in <strong>a range of twenty colours<\/strong>, this outdoor furniture is ideal for furnishing your catering areas. <\/p>\n<div id=\"highlighter--hover-tools\" style=\"display: none;\">\n<div id=\"highlighter--hover-tools--container\">\n<div class=\"highlighter--icon highlighter--icon-copy\" title=\"Copy\"><\/div>\n<div class=\"highlighter--icon highlighter--icon-change-color\" title=\"Change Color\"><\/div>\n<div class=\"highlighter--icon highlighter--icon-delete\" title=\"Delete\"><\/div>\n<\/div>\n<\/div>\n<p>[\/et_pb_text][et_pb_button button_url=&#8221;@ET-DC@eyJkeW5hbWljIjp0cnVlLCJjb250ZW50IjoicG9zdF9saW5rX3VybF9wYWdlIiwic2V0dGluZ3MiOnsicG9zdF9pZCI6IjIwNjYifX0=@&#8221; button_text=&#8221;ESTIU COLLECTION&#8221; button_alignment=&#8221;right&#8221; _builder_version=&#8221;4.27.0&#8243; _dynamic_attributes=&#8221;button_url&#8221; _module_preset=&#8221;4de4fa00-5959-4c63-a31c-ef714ff23e8e&#8221; position_origin_a=&#8221;bottom_right&#8221; vertical_offset=&#8221;80px&#8221; horizontal_offset=&#8221;70px&#8221; custom_margin=&#8221;10%||||false|false&#8221; global_colors_info=&#8221;{}&#8221;][\/et_pb_button][\/et_pb_column][et_pb_column type=&#8221;1_2&#8243; _builder_version=&#8221;4.27.0&#8243; _module_preset=&#8221;default&#8221; hover_enabled=&#8221;0&#8243; global_colors_info=&#8221;{}&#8221; title_text=&#8221;collection-estiu-mobilier-exterieur-laque-rouge&#8221; background_image=&#8221;https:\/\/www.azur-confort.com\/wp-content\/uploads\/2024\/05\/Image-pleine-page.jpg&#8221; sticky_enabled=&#8221;0&#8243;][\/et_pb_column][\/et_pb_row][et_pb_row column_structure=&#8221;1_2,1_2&#8243; use_custom_gutter=&#8221;on&#8221; gutter_width=&#8221;1&#8243; make_equal=&#8221;on&#8221; _builder_version=&#8221;4.27.0&#8243; _module_preset=&#8221;default&#8221; custom_margin=&#8221;||5%||false|false&#8221; hover_enabled=&#8221;0&#8243; global_colors_info=&#8221;{}&#8221; sticky_enabled=&#8221;0&#8243; title_text=&#8221;collection-dairi-mobilier-restaurant-montagne-azurconfort&#8221; background_image=&#8221;https:\/\/www.azur-confort.com\/wp-content\/uploads\/2024\/06\/collection-dairi-mobilier-restaurant-montagne-azurconfort-2.jpg&#8221;][et_pb_column type=&#8221;1_2&#8243; _builder_version=&#8221;4.27.0&#8243; _module_preset=&#8221;default&#8221; hover_enabled=&#8221;0&#8243; global_colors_info=&#8221;{}&#8221; title_text=&#8221;collection-dairi-mobilier-restaurant-montagne-azurconfort&#8221; background_image=&#8221;https:\/\/www.azur-confort.com\/wp-content\/uploads\/2024\/06\/collection-dairi-mobilier-restaurant-montagne-azurconfort-2.jpg&#8221; sticky_enabled=&#8221;0&#8243;][\/et_pb_column][et_pb_column type=&#8221;1_2&#8243; _builder_version=&#8221;4.25.0&#8243; _module_preset=&#8221;default&#8221; background_color=&#8221;#F2F2F2&#8243; custom_padding=&#8221;80px|70px|80px|70px|true|true&#8221; custom_padding_tablet=&#8221;80px|70px|80px|70px|true|true&#8221; custom_padding_phone=&#8221;40px|30px|40px|30px|true|true&#8221; custom_padding_last_edited=&#8221;on|phone&#8221; custom_css_free_form=&#8221;selector .gros-bloc-txt {display: flex;||align-items: flex-end;}&#8221; global_colors_info=&#8221;{}&#8221;][et_pb_text _builder_version=&#8221;4.25.1&#8243; _dynamic_attributes=&#8221;link_option_url&#8221; _module_preset=&#8221;9ac6f54f-70a6-44c1-ac1e-d535da675371&#8243; header_4_font=&#8221;Bodoni Moda|700|on||||||&#8221; link_option_url=&#8221;@ET-DC@eyJkeW5hbWljIjp0cnVlLCJjb250ZW50IjoicG9zdF9saW5rX3VybF9wYWdlIiwic2V0dGluZ3MiOnsicG9zdF9pZCI6Ijc3OSJ9fQ==@&#8221; global_colors_info=&#8221;{}&#8221;]<\/p>\n<h2>Dairi<\/h2>\n<h4>Sturdy and rustic<\/h4>\n<div id=\"highlighter--hover-tools\" style=\"display: none;\">\n<div id=\"highlighter--hover-tools--container\">\n<div class=\"highlighter--icon highlighter--icon-copy\" title=\"Copy\"><\/div>\n<div class=\"highlighter--icon highlighter--icon-change-color\" title=\"Change Color\"><\/div>\n<div class=\"highlighter--icon highlighter--icon-delete\" title=\"Delete\"><\/div>\n<\/div>\n<\/div>\n<p>[\/et_pb_text][et_pb_text _builder_version=&#8221;4.26.1&#8243; _module_preset=&#8221;27574df8-249e-4e46-8696-3d33be58d8dc&#8221; global_colors_info=&#8221;{}&#8221;]<\/p>\n<p><span data-contrast=\"auto\" xml:lang=\"FR-FR\" lang=\"FR-FR\">The Dairi collection draws its inspiration from <strong>the old thatched cottages of the Alps<\/strong> and their rough-hewn timbers. A blend of tradition and modernity, this outdoor furniture for restaurants takes its inspiration from the old workbenches. <\/span><\/p>\n<p><span data-contrast=\"auto\" xml:lang=\"FR-FR\" lang=\"FR-FR\">Designed for outdoor use, the Dairi Collection can be adapted to any environment : town or country, sea or mountains. <strong>Made for the hospitality business<\/strong>, these tables are as sturdy as they are practical, thanks to their removable tops and folding legs that make it easy to store terraces.<\/span> <\/p>\n<div id=\"highlighter--hover-tools\" style=\"display: none;\">\n<div id=\"highlighter--hover-tools--container\">\n<div class=\"highlighter--icon highlighter--icon-copy\" title=\"Copy\"><\/div>\n<div class=\"highlighter--icon highlighter--icon-change-color\" title=\"Change Color\"><\/div>\n<div class=\"highlighter--icon highlighter--icon-delete\" title=\"Delete\"><\/div>\n<\/div>\n<\/div>\n<div id=\"highlighter--hover-tools\" style=\"display: none;\">\n<div id=\"highlighter--hover-tools--container\">\n<div class=\"highlighter--icon highlighter--icon-copy\" title=\"Copy\"><\/div>\n<div class=\"highlighter--icon highlighter--icon-change-color\" title=\"Change Color\"><\/div>\n<div class=\"highlighter--icon highlighter--icon-delete\" title=\"Delete\"><\/div>\n<\/div>\n<\/div>\n<p>[\/et_pb_text][et_pb_button button_url=&#8221;@ET-DC@eyJkeW5hbWljIjp0cnVlLCJjb250ZW50IjoicG9zdF9saW5rX3VybF9wYWdlIiwic2V0dGluZ3MiOnsicG9zdF9pZCI6IjIwNzQifX0=@&#8221; button_text=&#8221;Dairi Collection&#8221; _builder_version=&#8221;4.27.0&#8243; _dynamic_attributes=&#8221;button_url&#8221; _module_preset=&#8221;4de4fa00-5959-4c63-a31c-ef714ff23e8e&#8221; position_origin_a=&#8221;bottom_left&#8221; vertical_offset=&#8221;80px&#8221; horizontal_offset=&#8221;70px&#8221; custom_margin=&#8221;10%||||false|false&#8221; global_colors_info=&#8221;{}&#8221;][\/et_pb_button][\/et_pb_column][\/et_pb_row][et_pb_row column_structure=&#8221;1_2,1_2&#8243; use_custom_gutter=&#8221;on&#8221; gutter_width=&#8221;1&#8243; make_equal=&#8221;on&#8221; module_class=&#8221;invertCol&#8221; _builder_version=&#8221;4.27.0&#8243; _module_preset=&#8221;default&#8221; custom_margin=&#8221;|auto|0px|auto|false|false&#8221; hover_enabled=&#8221;0&#8243; global_colors_info=&#8221;{}&#8221; title_text=&#8221;au-bord-de-leau&#8221; background_image=&#8221;https:\/\/www.azur-confort.com\/wp-content\/uploads\/2024\/04\/au-bord-de-leau.png&#8221; sticky_enabled=&#8221;0&#8243;][et_pb_column type=&#8221;1_2&#8243; _builder_version=&#8221;4.25.0&#8243; _module_preset=&#8221;default&#8221; background_color=&#8221;#F2F2F2&#8243; custom_padding=&#8221;80px|70px|80px|70px|true|true&#8221; custom_padding_tablet=&#8221;80px|70px|80px|70px|true|true&#8221; custom_padding_phone=&#8221;40px|30px|40px|30px|true|true&#8221; custom_padding_last_edited=&#8221;on|phone&#8221; custom_css_free_form=&#8221;selector .gros-bloc-txt {display: flex;||align-items: flex-end;}&#8221; global_colors_info=&#8221;{}&#8221;][et_pb_text _builder_version=&#8221;4.25.1&#8243; _dynamic_attributes=&#8221;link_option_url&#8221; _module_preset=&#8221;9ac6f54f-70a6-44c1-ac1e-d535da675371&#8243; header_4_font=&#8221;Bodoni Moda|700|on||||||&#8221; text_orientation=&#8221;right&#8221; link_option_url=&#8221;@ET-DC@eyJkeW5hbWljIjp0cnVlLCJjb250ZW50IjoicG9zdF9saW5rX3VybF9wYWdlIiwic2V0dGluZ3MiOnsicG9zdF9pZCI6Ijc3OSJ9fQ==@&#8221; global_colors_info=&#8221;{}&#8221;]<\/p>\n<h2>Riviera<\/h2>\n<h4>Relaxing by the water<\/h4>\n<div id=\"highlighter--hover-tools\" style=\"display: none;\">\n<div id=\"highlighter--hover-tools--container\">\n<div class=\"highlighter--icon highlighter--icon-copy\" title=\"Copy\"><\/div>\n<div class=\"highlighter--icon highlighter--icon-change-color\" title=\"Change Color\"><\/div>\n<div class=\"highlighter--icon highlighter--icon-delete\" title=\"Delete\"><\/div>\n<\/div>\n<\/div>\n<p>[\/et_pb_text][et_pb_text _builder_version=&#8221;4.27.0&#8243; _module_preset=&#8221;27574df8-249e-4e46-8696-3d33be58d8dc&#8221; text_orientation=&#8221;right&#8221; global_colors_info=&#8221;{}&#8221;]<\/p>\n<p>Inspired by La Dolce Vita, the Riviera collection represents the <strong>Mediterranean way of life<\/strong>. Lulled by the sound of the waves, the sun warming your skin &#8230; enjoy a moment of relaxation with our wooden outdoor furniture.<\/p>\n<p><strong>Classic and stylish<\/strong>, the Riviera Collection brings comfort to terraces, balconies, and beaches for professionals and private customers alike.<\/p>\n<p>[\/et_pb_text][et_pb_button button_url=&#8221;@ET-DC@eyJkeW5hbWljIjp0cnVlLCJjb250ZW50IjoicG9zdF9saW5rX3VybF9wYWdlIiwic2V0dGluZ3MiOnsicG9zdF9pZCI6IjIwODEifX0=@&#8221; button_text=&#8221;RIVIERA COLLECTION&#8221; button_alignment=&#8221;right&#8221; _builder_version=&#8221;4.27.0&#8243; _dynamic_attributes=&#8221;button_url&#8221; _module_preset=&#8221;4de4fa00-5959-4c63-a31c-ef714ff23e8e&#8221; position_origin_a=&#8221;bottom_right&#8221; vertical_offset=&#8221;80px&#8221; horizontal_offset=&#8221;70px&#8221; custom_margin=&#8221;10%||||false|false&#8221; global_colors_info=&#8221;{}&#8221;][\/et_pb_button][\/et_pb_column][et_pb_column type=&#8221;1_2&#8243; _builder_version=&#8221;4.27.0&#8243; _module_preset=&#8221;default&#8221; hover_enabled=&#8221;0&#8243; global_colors_info=&#8221;{}&#8221; title_text=&#8221;au-bord-de-leau&#8221; background_image=&#8221;https:\/\/www.azur-confort.com\/wp-content\/uploads\/2024\/04\/au-bord-de-leau.png&#8221; sticky_enabled=&#8221;0&#8243;][\/et_pb_column][\/et_pb_row][\/et_pb_section][et_pb_section fb_built=&#8221;1&#8243; custom_padding_last_edited=&#8221;on|phone&#8221; disabled_on=&#8221;on|off|off&#8221; _builder_version=&#8221;4.27.0&#8243; _module_preset=&#8221;default&#8221; background_color=&#8221;#F2F2F2&#8243; custom_padding=&#8221;150px||50px||false|false&#8221; custom_padding_tablet=&#8221;70px||||false|false&#8221; custom_padding_phone=&#8221;70px||||false|false&#8221; global_module=&#8221;716&#8243; global_colors_info=&#8221;{}&#8221;][et_pb_row _builder_version=&#8221;4.25.2&#8243; _module_preset=&#8221;default&#8221; global_colors_info=&#8221;{}&#8221;][et_pb_column type=&#8221;4_4&#8243; _builder_version=&#8221;4.25.0&#8243; _module_preset=&#8221;default&#8221; global_colors_info=&#8221;{}&#8221;][et_pb_text _builder_version=&#8221;4.25.2&#8243; _module_preset=&#8221;c5c5a175-7e38-4665-97fc-5b5193e51b20&#8243; custom_padding=&#8221;||5%|10%|false|false&#8221; global_colors_info=&#8221;{}&#8221;]<\/p>\n<h3>More information<\/h3>\n<p>[\/et_pb_text][\/et_pb_column][\/et_pb_row][et_pb_row _builder_version=&#8221;4.25.1&#8243; _module_preset=&#8221;default&#8221; width=&#8221;100%&#8221; max_width=&#8221;100vw&#8221; module_alignment=&#8221;right&#8221; module_alignment_tablet=&#8221;&#8221; module_alignment_phone=&#8221;right&#8221; module_alignment_last_edited=&#8221;on|phone&#8221; custom_css_main_element=&#8221;    overflow-x: hidden;&#8221; global_colors_info=&#8221;{}&#8221;][et_pb_column type=&#8221;4_4&#8243; _builder_version=&#8221;4.25.1&#8243; _module_preset=&#8221;default&#8221; global_colors_info=&#8221;{}&#8221;][dsm_card_carousel autoplay=&#8221;off&#8221; space_between=&#8221;80&#8243; equal_height=&#8221;on&#8221; arrows=&#8221;off&#8221; dots=&#8221;off&#8221; grab=&#8221;off&#8221; _builder_version=&#8221;4.26.1&#8243; _module_preset=&#8221;default&#8221; header_font=&#8221;gothamBold|||on|||||&#8221; header_text_color=&#8221;#1F1F1F&#8221; header_font_size=&#8221;1.8em&#8221; transform_scale_tablet=&#8221;&#8221; transform_scale_phone=&#8221;&#8221; transform_scale_last_edited=&#8221;on|phone&#8221; transform_translate=&#8221;164px|0px&#8221; transform_translate_tablet=&#8221;130px|0px&#8221; transform_translate_phone=&#8221;0px|0px&#8221; transform_translate_last_edited=&#8221;on|desktop&#8221; transform_translate_linked=&#8221;off&#8221; transform_rotate_tablet=&#8221;&#8221; transform_rotate_phone=&#8221;&#8221; transform_rotate_last_edited=&#8221;on|phone&#8221; transform_skew_tablet=&#8221;&#8221; transform_skew_phone=&#8221;&#8221; transform_skew_last_edited=&#8221;on|phone&#8221; transform_origin_tablet=&#8221;&#8221; transform_origin_phone=&#8221;&#8221; transform_origin_last_edited=&#8221;on|phone&#8221; transform_styles_last_edited=&#8221;on|desktop&#8221; custom_margin_tablet=&#8221;||10px||false|false&#8221; custom_margin_phone=&#8221;||0px||false|false&#8221; custom_margin_last_edited=&#8221;on|phone&#8221; transform_styles_tablet=&#8221;&#8221; transform_styles_phone=&#8221;&#8221; custom_css_free_form=&#8221;.et_pb_button_wrapper{display:none;}&#8221; border_radii_badge=&#8221;on||||&#8221; global_colors_info=&#8221;{}&#8221;][dsm_card_carousel_child title=&#8221;Our story&#8221; image=&#8221;https:\/\/www.azur-confort.com\/wp-content\/uploads\/2024\/04\/Img-produit.jpg&#8221; image_as_background=&#8221;off&#8221; content_padding=&#8221;20px|20px|20px|20px|false|false&#8221; button_text=&#8221;Button&#8221; button_url_new_window=&#8221;1&#8243; _builder_version=&#8221;4.25.2&#8243; _dynamic_attributes=&#8221;link_option_url&#8221; _module_preset=&#8221;default&#8221; display_conditions=&#8221;W10=&#8221; link_option_url=&#8221;@ET-DC@eyJkeW5hbWljIjp0cnVlLCJjb250ZW50IjoicG9zdF9saW5rX3VybF9wYWdlIiwic2V0dGluZ3MiOnsicG9zdF9pZCI6IjUxNyJ9fQ==@&#8221; global_colors_info=&#8221;{}&#8221; parent_button=&#8221;off&#8221; parent_header_level=&#8221;h4&#8243;][\/dsm_card_carousel_child][dsm_card_carousel_child title=&#8221;The Factory&#8221; image=&#8221;https:\/\/www.azur-confort.com\/wp-content\/uploads\/2024\/06\/manufacture-fabricant-francais-mobilier-bois.jpg&#8221; image_as_background=&#8221;off&#8221; content_padding=&#8221;20px|20px|20px|20px|false|false&#8221; button_text=&#8221;Button&#8221; button_url_new_window=&#8221;1&#8243; _builder_version=&#8221;4.25.2&#8243; _dynamic_attributes=&#8221;link_option_url&#8221; _module_preset=&#8221;default&#8221; display_conditions=&#8221;W10=&#8221; link_option_url=&#8221;@ET-DC@eyJkeW5hbWljIjp0cnVlLCJjb250ZW50IjoicG9zdF9saW5rX3VybF9wYWdlIiwic2V0dGluZ3MiOnsicG9zdF9pZCI6IjUwMCJ9fQ==@&#8221; global_colors_info=&#8221;{}&#8221; parent_button=&#8221;off&#8221; parent_header_level=&#8221;h4&#8243;][\/dsm_card_carousel_child][dsm_card_carousel_child title=&#8221;Sustainability&#8221; image=&#8221;https:\/\/www.azur-confort.com\/wp-content\/uploads\/2024\/04\/Img-produit-1.jpg&#8221; image_as_background=&#8221;off&#8221; content_padding=&#8221;20px|20px|20px|20px|false|false&#8221; button_text=&#8221;Button&#8221; button_url_new_window=&#8221;1&#8243; _builder_version=&#8221;4.25.2&#8243; _dynamic_attributes=&#8221;link_option_url&#8221; _module_preset=&#8221;default&#8221; display_conditions=&#8221;W10=&#8221; link_option_url=&#8221;@ET-DC@eyJkeW5hbWljIjp0cnVlLCJjb250ZW50IjoicG9zdF9saW5rX3VybF9wYWdlIiwic2V0dGluZ3MiOnsicG9zdF9pZCI6IjUxNCJ9fQ==@&#8221; global_colors_info=&#8221;{}&#8221; parent_button=&#8221;off&#8221; parent_header_level=&#8221;h4&#8243;][\/dsm_card_carousel_child][dsm_card_carousel_child title=&#8221;Materials&#8221; image=&#8221;https:\/\/www.azur-confort.com\/wp-content\/uploads\/2024\/06\/matiere-bois-toiles-mobilier-exterieur-azur-confort.jpg&#8221; image_as_background=&#8221;off&#8221; content_padding=&#8221;20px|20px|20px|20px|false|false&#8221; button_text=&#8221;Button&#8221; button_url_new_window=&#8221;1&#8243; _builder_version=&#8221;4.25.2&#8243; _dynamic_attributes=&#8221;link_option_url&#8221; _module_preset=&#8221;default&#8221; display_conditions=&#8221;W10=&#8221; link_option_url=&#8221;@ET-DC@eyJkeW5hbWljIjp0cnVlLCJjb250ZW50IjoicG9zdF9saW5rX3VybF9wYWdlIiwic2V0dGluZ3MiOnsicG9zdF9pZCI6IjQ5NiJ9fQ==@&#8221; global_colors_info=&#8221;{}&#8221; parent_button=&#8221;off&#8221; parent_header_level=&#8221;h4&#8243;][\/dsm_card_carousel_child][dsm_card_carousel_child title=&#8221;Projects&#8221; image=&#8221;https:\/\/www.azur-confort.com\/wp-content\/uploads\/2024\/06\/terrasse-jaune-mobilier-exterieur-saam-restaurant-JustinReidRoss.jpg&#8221; image_as_background=&#8221;off&#8221; button_text=&#8221;Button&#8221; button_url_new_window=&#8221;1&#8243; _builder_version=&#8221;4.26.1&#8243; _module_preset=&#8221;default&#8221; link_option_url=&#8221;\/realisations\/&#8221; global_colors_info=&#8221;{}&#8221; parent_button=&#8221;off&#8221; parent_header_level=&#8221;h4&#8243;][\/dsm_card_carousel_child][dsm_card_carousel_child title=&#8221;Collections&#8221; image=&#8221;https:\/\/www.azur-confort.com\/wp-content\/uploads\/2024\/06\/mobilier-outdoor-detente-azurconfort-700px.jpg&#8221; image_as_background=&#8221;off&#8221; button_text=&#8221;Button&#8221; button_url_new_window=&#8221;1&#8243; _builder_version=&#8221;4.25.2&#8243; _dynamic_attributes=&#8221;link_option_url&#8221; _module_preset=&#8221;default&#8221; link_option_url=&#8221;@ET-DC@eyJkeW5hbWljIjp0cnVlLCJjb250ZW50IjoicG9zdF9saW5rX3VybF9wYWdlIiwic2V0dGluZ3MiOnsicG9zdF9pZCI6IjQ3NCJ9fQ==@&#8221; global_colors_info=&#8221;{}&#8221; parent_button=&#8221;off&#8221; parent_header_level=&#8221;h4&#8243;][\/dsm_card_carousel_child][\/dsm_card_carousel][\/et_pb_column][\/et_pb_row][\/et_pb_section]<\/p>\n","protected":false},"excerpt":{"rendered":"<p class=\"lead\">COLLECTIONSDiscover our complete range of outdoor furniture with our four collections. For terraces, balconies, gardens and private beaches, we offer outdoor furniture specially designed for the hospitality industry. S\u00c9OL The wooden terrace S\u00e9ol is Azur Confort&#8217;s first collection, and find its roots in the company&#8217;s history. In the spirit of the Traveller community, the S\u00e9ol Collection is nomadic, natural and eclectic. Designed for outdoor use, the durability and practicality of S\u00e9ol furniture has won over the terraces of french hotels and restaurants. Highly customizable, the S\u00e9ol Collection lets you choose from over 200 combinaitions of finishes and fabrics. The wood, which we give pride of place, blends with the fabrics, sometimes neutral, sometimes colored, to create furniture that reflects your company&#8217;s image.Estiu A colourful terrace Estiu means summer in Provencal -a language native to the south of France-. Colourful and geometric, the Estiu Collection is inspired by sunsets, the Mediterranean Sea, and the historic caf\u00e9s and bistros where starlets could be seen enjoying a frivolous, timeless moment. Since the 1950s, the Estiu Collection, its iconic director armchair and its triangle table have been gracing the terraces of the South of France. Whether bright and flashy or neutral and discreet, the [&hellip;]<\/p>\n","protected":false},"author":1,"featured_media":0,"parent":0,"menu_order":0,"comment_status":"closed","ping_status":"closed","template":"","meta":{"_et_pb_use_builder":"on","_et_pb_old_content":"","_et_gb_content_width":"","footnotes":""},"class_list":["post-1550","page","type-page","status-publish","hentry"],"yoast_head":"<!-- This site is optimized with the Yoast SEO plugin v27.4 - https:\/\/yoast.com\/product\/yoast-seo-wordpress\/ -->\n<title>Our collections of outdoor wooden furniture &#8211; Azur Confort<\/title>\n<meta name=\"description\" content=\"Discover our 4 collections of Made in France wooden outdoor furniture, designed for hotel and restaurant professionals.\" \/>\n<meta name=\"robots\" content=\"index, follow, max-snippet:-1, max-image-preview:large, max-video-preview:-1\" \/>\n<link rel=\"canonical\" href=\"https:\/\/www.azur-confort.com\/en\/collections\/\" \/>\n<meta property=\"og:locale\" content=\"en_US\" \/>\n<meta property=\"og:type\" content=\"article\" \/>\n<meta property=\"og:title\" content=\"Our collections of outdoor wooden furniture &#8211; Azur Confort\" \/>\n<meta property=\"og:description\" content=\"Discover our 4 collections of Made in France wooden outdoor furniture, designed for hotel and restaurant professionals.\" \/>\n<meta property=\"og:url\" content=\"https:\/\/www.azur-confort.com\/en\/collections\/\" \/>\n<meta property=\"og:site_name\" content=\"Azur Confort\" \/>\n<meta property=\"article:publisher\" content=\"https:\/\/www.facebook.com\/azurconfortmobilier\" \/>\n<meta property=\"article:modified_time\" content=\"2024-08-01T12:47:28+00:00\" \/>\n<meta property=\"og:image\" content=\"https:\/\/www.azur-confort.com\/wp-content\/uploads\/2024\/07\/azur-confort-fabricant-mobilier-exterieur-bois.jpg\" \/>\n\t<meta property=\"og:image:width\" content=\"1200\" \/>\n\t<meta property=\"og:image:height\" content=\"675\" \/>\n\t<meta property=\"og:image:type\" content=\"image\/jpeg\" \/>\n<meta name=\"twitter:card\" content=\"summary_large_image\" \/>\n<meta name=\"twitter:label1\" content=\"Est. reading time\" \/>\n\t<meta name=\"twitter:data1\" content=\"12 minutes\" \/>\n<script type=\"application\/ld+json\" class=\"yoast-schema-graph\">{\"@context\":\"https:\\\/\\\/schema.org\",\"@graph\":[{\"@type\":\"WebPage\",\"@id\":\"https:\\\/\\\/www.azur-confort.com\\\/en\\\/collections\\\/\",\"url\":\"https:\\\/\\\/www.azur-confort.com\\\/en\\\/collections\\\/\",\"name\":\"Our collections of outdoor wooden furniture &#8211; Azur Confort\",\"isPartOf\":{\"@id\":\"https:\\\/\\\/www.azur-confort.com\\\/en\\\/#website\"},\"datePublished\":\"2024-04-26T11:16:07+00:00\",\"dateModified\":\"2024-08-01T12:47:28+00:00\",\"description\":\"Discover our 4 collections of Made in France wooden outdoor furniture, designed for hotel and restaurant professionals.\",\"breadcrumb\":{\"@id\":\"https:\\\/\\\/www.azur-confort.com\\\/en\\\/collections\\\/#breadcrumb\"},\"inLanguage\":\"en-US\",\"potentialAction\":[{\"@type\":\"ReadAction\",\"target\":[\"https:\\\/\\\/www.azur-confort.com\\\/en\\\/collections\\\/\"]}]},{\"@type\":\"BreadcrumbList\",\"@id\":\"https:\\\/\\\/www.azur-confort.com\\\/en\\\/collections\\\/#breadcrumb\",\"itemListElement\":[{\"@type\":\"ListItem\",\"position\":1,\"name\":\"Accueil\",\"item\":\"https:\\\/\\\/www.azur-confort.com\\\/en\\\/home\\\/\"},{\"@type\":\"ListItem\",\"position\":2,\"name\":\"Collections\"}]},{\"@type\":\"WebSite\",\"@id\":\"https:\\\/\\\/www.azur-confort.com\\\/en\\\/#website\",\"url\":\"https:\\\/\\\/www.azur-confort.com\\\/en\\\/\",\"name\":\"Azur Confort\",\"description\":\"Votre mobilier durable et intemporel\",\"publisher\":{\"@id\":\"https:\\\/\\\/www.azur-confort.com\\\/en\\\/#organization\"},\"potentialAction\":[{\"@type\":\"SearchAction\",\"target\":{\"@type\":\"EntryPoint\",\"urlTemplate\":\"https:\\\/\\\/www.azur-confort.com\\\/en\\\/?s={search_term_string}\"},\"query-input\":{\"@type\":\"PropertyValueSpecification\",\"valueRequired\":true,\"valueName\":\"search_term_string\"}}],\"inLanguage\":\"en-US\"},{\"@type\":\"Organization\",\"@id\":\"https:\\\/\\\/www.azur-confort.com\\\/en\\\/#organization\",\"name\":\"Azur Confort\",\"url\":\"https:\\\/\\\/www.azur-confort.com\\\/en\\\/\",\"logo\":{\"@type\":\"ImageObject\",\"inLanguage\":\"en-US\",\"@id\":\"https:\\\/\\\/www.azur-confort.com\\\/en\\\/#\\\/schema\\\/logo\\\/image\\\/\",\"url\":\"https:\\\/\\\/www.azur-confort.com\\\/wp-content\\\/uploads\\\/2024\\\/07\\\/LOGO-Azur-Confort.jpg\",\"contentUrl\":\"https:\\\/\\\/www.azur-confort.com\\\/wp-content\\\/uploads\\\/2024\\\/07\\\/LOGO-Azur-Confort.jpg\",\"width\":696,\"height\":757,\"caption\":\"Azur Confort\"},\"image\":{\"@id\":\"https:\\\/\\\/www.azur-confort.com\\\/en\\\/#\\\/schema\\\/logo\\\/image\\\/\"},\"sameAs\":[\"https:\\\/\\\/www.facebook.com\\\/azurconfortmobilier\",\"https:\\\/\\\/www.instagram.com\\\/azur.confort\\\/\",\"https:\\\/\\\/fr.linkedin.com\\\/company\\\/azur-confort-sas\",\"https:\\\/\\\/www.pinterest.fr\\\/azurconfort\\\/\"]}]}<\/script>\n<!-- \/ Yoast SEO plugin. -->","yoast_head_json":{"title":"Our collections of outdoor wooden furniture &#8211; Azur Confort","description":"Discover our 4 collections of Made in France wooden outdoor furniture, designed for hotel and restaurant professionals.","robots":{"index":"index","follow":"follow","max-snippet":"max-snippet:-1","max-image-preview":"max-image-preview:large","max-video-preview":"max-video-preview:-1"},"canonical":"https:\/\/www.azur-confort.com\/en\/collections\/","og_locale":"en_US","og_type":"article","og_title":"Our collections of outdoor wooden furniture &#8211; Azur Confort","og_description":"Discover our 4 collections of Made in France wooden outdoor furniture, designed for hotel and restaurant professionals.","og_url":"https:\/\/www.azur-confort.com\/en\/collections\/","og_site_name":"Azur Confort","article_publisher":"https:\/\/www.facebook.com\/azurconfortmobilier","article_modified_time":"2024-08-01T12:47:28+00:00","og_image":[{"width":1200,"height":675,"url":"https:\/\/www.azur-confort.com\/wp-content\/uploads\/2024\/07\/azur-confort-fabricant-mobilier-exterieur-bois.jpg","type":"image\/jpeg"}],"twitter_card":"summary_large_image","twitter_misc":{"Est. reading time":"12 minutes"},"schema":{"@context":"https:\/\/schema.org","@graph":[{"@type":"WebPage","@id":"https:\/\/www.azur-confort.com\/en\/collections\/","url":"https:\/\/www.azur-confort.com\/en\/collections\/","name":"Our collections of outdoor wooden furniture &#8211; Azur Confort","isPartOf":{"@id":"https:\/\/www.azur-confort.com\/en\/#website"},"datePublished":"2024-04-26T11:16:07+00:00","dateModified":"2024-08-01T12:47:28+00:00","description":"Discover our 4 collections of Made in France wooden outdoor furniture, designed for hotel and restaurant professionals.","breadcrumb":{"@id":"https:\/\/www.azur-confort.com\/en\/collections\/#breadcrumb"},"inLanguage":"en-US","potentialAction":[{"@type":"ReadAction","target":["https:\/\/www.azur-confort.com\/en\/collections\/"]}]},{"@type":"BreadcrumbList","@id":"https:\/\/www.azur-confort.com\/en\/collections\/#breadcrumb","itemListElement":[{"@type":"ListItem","position":1,"name":"Accueil","item":"https:\/\/www.azur-confort.com\/en\/home\/"},{"@type":"ListItem","position":2,"name":"Collections"}]},{"@type":"WebSite","@id":"https:\/\/www.azur-confort.com\/en\/#website","url":"https:\/\/www.azur-confort.com\/en\/","name":"Azur Confort","description":"Votre mobilier durable et intemporel","publisher":{"@id":"https:\/\/www.azur-confort.com\/en\/#organization"},"potentialAction":[{"@type":"SearchAction","target":{"@type":"EntryPoint","urlTemplate":"https:\/\/www.azur-confort.com\/en\/?s={search_term_string}"},"query-input":{"@type":"PropertyValueSpecification","valueRequired":true,"valueName":"search_term_string"}}],"inLanguage":"en-US"},{"@type":"Organization","@id":"https:\/\/www.azur-confort.com\/en\/#organization","name":"Azur Confort","url":"https:\/\/www.azur-confort.com\/en\/","logo":{"@type":"ImageObject","inLanguage":"en-US","@id":"https:\/\/www.azur-confort.com\/en\/#\/schema\/logo\/image\/","url":"https:\/\/www.azur-confort.com\/wp-content\/uploads\/2024\/07\/LOGO-Azur-Confort.jpg","contentUrl":"https:\/\/www.azur-confort.com\/wp-content\/uploads\/2024\/07\/LOGO-Azur-Confort.jpg","width":696,"height":757,"caption":"Azur Confort"},"image":{"@id":"https:\/\/www.azur-confort.com\/en\/#\/schema\/logo\/image\/"},"sameAs":["https:\/\/www.facebook.com\/azurconfortmobilier","https:\/\/www.instagram.com\/azur.confort\/","https:\/\/fr.linkedin.com\/company\/azur-confort-sas","https:\/\/www.pinterest.fr\/azurconfort\/"]}]}},"_links":{"self":[{"href":"https:\/\/www.azur-confort.com\/en\/wp-json\/wp\/v2\/pages\/1550","targetHints":{"allow":["GET"]}}],"collection":[{"href":"https:\/\/www.azur-confort.com\/en\/wp-json\/wp\/v2\/pages"}],"about":[{"href":"https:\/\/www.azur-confort.com\/en\/wp-json\/wp\/v2\/types\/page"}],"author":[{"embeddable":true,"href":"https:\/\/www.azur-confort.com\/en\/wp-json\/wp\/v2\/users\/1"}],"replies":[{"embeddable":true,"href":"https:\/\/www.azur-confort.com\/en\/wp-json\/wp\/v2\/comments?post=1550"}],"version-history":[{"count":18,"href":"https:\/\/www.azur-confort.com\/en\/wp-json\/wp\/v2\/pages\/1550\/revisions"}],"predecessor-version":[{"id":4747,"href":"https:\/\/www.azur-confort.com\/en\/wp-json\/wp\/v2\/pages\/1550\/revisions\/4747"}],"wp:attachment":[{"href":"https:\/\/www.azur-confort.com\/en\/wp-json\/wp\/v2\/media?parent=1550"}],"curies":[{"name":"wp","href":"https:\/\/api.w.org\/{rel}","templated":true}]}}